{"id":27,"date":"2023-09-13T04:00:12","date_gmt":"2023-09-13T04:00:12","guid":{"rendered":"https:\/\/www.marcalvolgyevt.hu\/?page_id=27"},"modified":"2024-05-23T08:43:53","modified_gmt":"2024-05-23T06:43:53","slug":"kezdolap","status":"publish","type":"page","link":"https:\/\/www.marcalvolgyevt.hu\/en\/","title":{"rendered":"Home page"},"content":{"rendered":"<div data-elementor-type=\"wp-page\" data-elementor-id=\"27\" class=\"elementor elementor-27\">\n\t\t\t\t\t\t\t\t\t<section class=\"elementor-section elementor-top-section elementor-element elementor-element-f9a1beb elementor-section-height-min-height elementor-section-boxed elementor-section-height-default elementor-section-items-middle\" data-id=\"f9a1beb\" data-element_type=\"section\" data-settings=\"{&quot;background_background&quot;:&quot;classic&quot;}\">\n\t\t\t\t\t\t<div class=\"elementor-container elementor-column-gap-default\">\n\t\t\t\t\t<div class=\"elementor-column elementor-col-100 elementor-top-column elementor-element elementor-element-546ad7a\" data-id=\"546ad7a\" data-element_type=\"column\">\n\t\t\t<div class=\"elementor-widget-wrap elementor-element-populated\">\n\t\t\t\t\t\t\t\t<div class=\"elementor-element elementor-element-65259de elementor-widget elementor-widget-video\" data-id=\"65259de\" data-element_type=\"widget\" data-settings=\"{&quot;youtube_url&quot;:&quot;https:\\\/\\\/www.youtube.com\\\/watch?v=do4sG03GDJI&amp;t=4s&quot;,&quot;autoplay&quot;:&quot;yes&quot;,&quot;play_on_mobile&quot;:&quot;yes&quot;,&quot;modestbranding&quot;:&quot;yes&quot;,&quot;yt_privacy&quot;:&quot;yes&quot;,&quot;video_type&quot;:&quot;youtube&quot;,&quot;controls&quot;:&quot;yes&quot;}\" data-widget_type=\"video.default\">\n\t\t\t\t<div class=\"elementor-widget-container\">\n\t\t\t<style>\/*! elementor - v3.16.0 - 12-09-2023 *\/\n.elementor-widget-video .elementor-widget-container{overflow:hidden;transform:translateZ(0)}.elementor-widget-video .elementor-wrapper{aspect-ratio:var(--video-aspect-ratio)}.elementor-widget-video .elementor-wrapper iframe,.elementor-widget-video .elementor-wrapper video{height:100%;width:100%;display:flex;border:none;background-color:#000}@supports not (aspect-ratio:1\/1){.elementor-widget-video .elementor-wrapper{position:relative;overflow:hidden;height:0;padding-bottom:calc(100% \/ var(--video-aspect-ratio))}.elementor-widget-video .elementor-wrapper iframe,.elementor-widget-video .elementor-wrapper video{position:absolute;top:0;right:0;bottom:0;left:0}}.elementor-widget-video .elementor-open-inline .elementor-custom-embed-image-overlay{position:absolute;top:0;right:0;bottom:0;left:0;background-size:cover;background-position:50%}.elementor-widget-video .elementor-custom-embed-image-overlay{cursor:pointer;text-align:center}.elementor-widget-video .elementor-custom-embed-image-overlay:hover .elementor-custom-embed-play i{opacity:1}.elementor-widget-video .elementor-custom-embed-image-overlay img{display:block;width:100%;aspect-ratio:var(--video-aspect-ratio);-o-object-fit:cover;object-fit:cover;-o-object-position:center center;object-position:center center}@supports not (aspect-ratio:1\/1){.elementor-widget-video .elementor-custom-embed-image-overlay{position:relative;overflow:hidden;height:0;padding-bottom:calc(100% \/ var(--video-aspect-ratio))}.elementor-widget-video .elementor-custom-embed-image-overlay img{position:absolute;top:0;right:0;bottom:0;left:0}}.elementor-widget-video .e-hosted-video .elementor-video{-o-object-fit:cover;object-fit:cover}.e-con-inner>.elementor-widget-video,.e-con>.elementor-widget-video{width:var(--container-widget-width);--flex-grow:var(--container-widget-flex-grow)}<\/style>\t\t<div class=\"elementor-wrapper elementor-open-inline\">\n\t\t\t<div class=\"elementor-video\"><\/div>\t\t<\/div>\n\t\t\t\t<\/div>\n\t\t\t\t<\/div>\n\t\t\t\t\t<\/div>\n\t\t<\/div>\n\t\t\t\t\t\t\t<\/div>\n\t\t<\/section>\n\t\t\t\t<section class=\"elementor-section elementor-top-section elementor-element elementor-element-802513b elementor-section-content-middle elementor-section-boxed elementor-section-height-default elementor-section-height-default\" data-id=\"802513b\" data-element_type=\"section\" data-settings=\"{&quot;background_background&quot;:&quot;classic&quot;}\">\n\t\t\t\t\t\t<div class=\"elementor-container elementor-column-gap-no\">\n\t\t\t\t\t<div class=\"elementor-column elementor-col-50 elementor-top-column elementor-element elementor-element-24e7ba83\" data-id=\"24e7ba83\" data-element_type=\"column\">\n\t\t\t<div class=\"elementor-widget-wrap elementor-element-populated\">\n\t\t\t\t\t\t\t\t<div class=\"elementor-element elementor-element-2093ccd2 elementor-widget elementor-widget-image\" data-id=\"2093ccd2\" data-element_type=\"widget\" data-widget_type=\"image.default\">\n\t\t\t\t<div class=\"elementor-widget-container\">\n\t\t\t<style>\/*! elementor - v3.16.0 - 12-09-2023 *\/\n.elementor-widget-image{text-align:center}.elementor-widget-image a{display:inline-block}.elementor-widget-image a img[src$=\".svg\"]{width:48px}.elementor-widget-image img{vertical-align:middle;display:inline-block}<\/style>\t\t\t\t\t\t\t\t\t\t\t\t<img loading=\"lazy\" decoding=\"async\" width=\"2048\" height=\"1365\" src=\"https:\/\/www.marcalvolgyevt.hu\/wp-content\/uploads\/2023\/09\/376523426_804124128382827_948354599860424851_n.jpg\" class=\"attachment-full size-full wp-image-33\" alt=\"\" srcset=\"https:\/\/www.marcalvolgyevt.hu\/wp-content\/uploads\/2023\/09\/376523426_804124128382827_948354599860424851_n.jpg 2048w, https:\/\/www.marcalvolgyevt.hu\/wp-content\/uploads\/2023\/09\/376523426_804124128382827_948354599860424851_n-300x200.jpg 300w, https:\/\/www.marcalvolgyevt.hu\/wp-content\/uploads\/2023\/09\/376523426_804124128382827_948354599860424851_n-1024x683.jpg 1024w, https:\/\/www.marcalvolgyevt.hu\/wp-content\/uploads\/2023\/09\/376523426_804124128382827_948354599860424851_n-768x512.jpg 768w, https:\/\/www.marcalvolgyevt.hu\/wp-content\/uploads\/2023\/09\/376523426_804124128382827_948354599860424851_n-1536x1024.jpg 1536w\" sizes=\"auto, (max-width: 2048px) 100vw, 2048px\" \/>\t\t\t\t\t\t\t\t\t\t\t\t\t\t\t<\/div>\n\t\t\t\t<\/div>\n\t\t\t\t\t<\/div>\n\t\t<\/div>\n\t\t\t\t<div class=\"elementor-column elementor-col-50 elementor-top-column elementor-element elementor-element-3d37aee1\" data-id=\"3d37aee1\" data-element_type=\"column\">\n\t\t\t<div class=\"elementor-widget-wrap elementor-element-populated\">\n\t\t\t\t\t\t\t\t<div class=\"elementor-element elementor-element-c36f2cb elementor-widget elementor-widget-heading\" data-id=\"c36f2cb\" data-element_type=\"widget\" data-widget_type=\"heading.default\">\n\t\t\t\t<div class=\"elementor-widget-container\">\n\t\t\t<style>\/*! elementor - v3.16.0 - 12-09-2023 *\/\n.elementor-heading-title{padding:0;margin:0;line-height:1}.elementor-widget-heading .elementor-heading-title[class*=elementor-size-]>a{color:inherit;font-size:inherit;line-height:inherit}.elementor-widget-heading .elementor-heading-title.elementor-size-small{font-size:15px}.elementor-widget-heading .elementor-heading-title.elementor-size-medium{font-size:19px}.elementor-widget-heading .elementor-heading-title.elementor-size-large{font-size:29px}.elementor-widget-heading .elementor-heading-title.elementor-size-xl{font-size:39px}.elementor-widget-heading .elementor-heading-title.elementor-size-xxl{font-size:59px}<\/style><h4 class=\"elementor-heading-title elementor-size-default\">About<\/h4>\t\t<\/div>\n\t\t\t\t<\/div>\n\t\t\t\t<div class=\"elementor-element elementor-element-587c189e elementor-widget elementor-widget-text-editor\" data-id=\"587c189e\" data-element_type=\"widget\" data-widget_type=\"text-editor.default\">\n\t\t\t\t<div class=\"elementor-widget-container\">\n\t\t\t<style>\/*! elementor - v3.16.0 - 12-09-2023 *\/\n.elementor-widget-text-editor.elementor-drop-cap-view-stacked .elementor-drop-cap{background-color:#69727d;color:#fff}.elementor-widget-text-editor.elementor-drop-cap-view-framed .elementor-drop-cap{color:#69727d;border:3px solid;background-color:transparent}.elementor-widget-text-editor:not(.elementor-drop-cap-view-default) .elementor-drop-cap{margin-top:8px}.elementor-widget-text-editor:not(.elementor-drop-cap-view-default) .elementor-drop-cap-letter{width:1em;height:1em}.elementor-widget-text-editor .elementor-drop-cap{float:left;text-align:center;line-height:1;font-size:50px}.elementor-widget-text-editor .elementor-drop-cap-letter{display:inline-block}<\/style>\t\t\t\t<p><span class=\"x193iq5w xeuugli x13faqbe x1vvkbs xlh3980 xvmahel x1n0sxbx x1lliihq x1s928wv xhkezso x1gmr53x x1cpjm7i x1fgarty x1943h6x xudqn12 x3x7a5m x1f6kntn xvq8zen xo1l8bm xzsf02u\" dir=\"auto\">Our hunting company is located in the triple border area of Veszpr\u00e9m-, Vas-, Zala-county, including the municipal boundaries of Dabronc, Zalaerd\u0151d, Hetyef\u0151, G\u00f3g\u00e1nfa and Megyer. The eastern border is the Marcal river. Almost half of the area is a coherent forest block, consisting mainly of mixed woodland (oaks, cherry trees) with a small number of different pine species, the other half of the hunting area is intensively cultivated agricultural land.<\/span><\/p>\t\t\t\t\t\t<\/div>\n\t\t\t\t<\/div>\n\t\t\t\t<div class=\"elementor-element elementor-element-68618e0 elementor-align-left elementor-widget__width-initial elementor-widget elementor-widget-button\" data-id=\"68618e0\" data-element_type=\"widget\" data-widget_type=\"button.default\">\n\t\t\t\t<div class=\"elementor-widget-container\">\n\t\t\t\t\t<div class=\"elementor-button-wrapper\">\n\t\t\t<a class=\"elementor-button elementor-button-link elementor-size-sm\" href=\"https:\/\/www.marcalvolgyevt.hu\/en\/bemutatkozas\/\">\n\t\t\t\t\t\t<span class=\"elementor-button-content-wrapper\">\n\t\t\t\t\t\t<span class=\"elementor-button-text\">Read more<\/span>\n\t\t<\/span>\n\t\t\t\t\t<\/a>\n\t\t<\/div>\n\t\t\t\t<\/div>\n\t\t\t\t<\/div>\n\t\t\t\t\t<\/div>\n\t\t<\/div>\n\t\t\t\t\t\t\t<\/div>\n\t\t<\/section>\n\t\t\t\t<section class=\"elementor-section elementor-top-section elementor-element elementor-element-730df063 elementor-section-boxed elementor-section-height-default elementor-section-height-default\" data-id=\"730df063\" data-element_type=\"section\" data-settings=\"{&quot;background_background&quot;:&quot;classic&quot;}\">\n\t\t\t\t\t\t<div class=\"elementor-container elementor-column-gap-default\">\n\t\t\t\t\t<div class=\"elementor-column elementor-col-100 elementor-top-column elementor-element elementor-element-399c9a92\" data-id=\"399c9a92\" data-element_type=\"column\">\n\t\t\t<div class=\"elementor-widget-wrap elementor-element-populated\">\n\t\t\t\t\t\t\t\t<div class=\"elementor-element elementor-element-47c3296 elementor-grid-3 elementor-grid-tablet-2 elementor-grid-mobile-1 elementor-posts--thumbnail-top elementor-card-shadow-yes elementor-posts__hover-gradient elementor-widget elementor-widget-posts\" data-id=\"47c3296\" data-element_type=\"widget\" data-settings=\"{&quot;cards_columns&quot;:&quot;3&quot;,&quot;cards_columns_tablet&quot;:&quot;2&quot;,&quot;cards_columns_mobile&quot;:&quot;1&quot;,&quot;cards_row_gap&quot;:{&quot;unit&quot;:&quot;px&quot;,&quot;size&quot;:35,&quot;sizes&quot;:[]},&quot;cards_row_gap_tablet&quot;:{&quot;unit&quot;:&quot;px&quot;,&quot;size&quot;:&quot;&quot;,&quot;sizes&quot;:[]},&quot;cards_row_gap_mobile&quot;:{&quot;unit&quot;:&quot;px&quot;,&quot;size&quot;:&quot;&quot;,&quot;sizes&quot;:[]}}\" data-widget_type=\"posts.cards\">\n\t\t\t\t<div class=\"elementor-widget-container\">\n\t\t\t<link rel=\"stylesheet\" href=\"https:\/\/www.marcalvolgyevt.hu\/wp-content\/plugins\/elementor-pro\/assets\/css\/widget-posts.min.css\">\t\t<div class=\"elementor-posts-container elementor-posts elementor-posts--skin-cards elementor-grid\">\n\t\t\t\t<article class=\"elementor-post elementor-grid-item post-1903 post type-post status-publish format-standard has-post-thumbnail hentry category-hirek\">\n\t\t\t<div class=\"elementor-post__card\">\n\t\t\t\t<a class=\"elementor-post__thumbnail__link\" href=\"https:\/\/www.marcalvolgyevt.hu\/en\/kultura-szakma-es-tradicio-a-var-toveben-megyei-vadasznap-sumegen\/\" ><div class=\"elementor-post__thumbnail\"><img loading=\"lazy\" decoding=\"async\" width=\"300\" height=\"261\" src=\"https:\/\/www.marcalvolgyevt.hu\/wp-content\/uploads\/2026\/07\/755350855_1680149400780291_1167527694339203644_n-300x261.jpg\" class=\"attachment-medium size-medium wp-image-1909\" alt=\"\" srcset=\"https:\/\/www.marcalvolgyevt.hu\/wp-content\/uploads\/2026\/07\/755350855_1680149400780291_1167527694339203644_n-300x261.jpg 300w, https:\/\/www.marcalvolgyevt.hu\/wp-content\/uploads\/2026\/07\/755350855_1680149400780291_1167527694339203644_n-1024x891.jpg 1024w, https:\/\/www.marcalvolgyevt.hu\/wp-content\/uploads\/2026\/07\/755350855_1680149400780291_1167527694339203644_n-768x669.jpg 768w, https:\/\/www.marcalvolgyevt.hu\/wp-content\/uploads\/2026\/07\/755350855_1680149400780291_1167527694339203644_n-1536x1337.jpg 1536w, https:\/\/www.marcalvolgyevt.hu\/wp-content\/uploads\/2026\/07\/755350855_1680149400780291_1167527694339203644_n-14x12.jpg 14w, https:\/\/www.marcalvolgyevt.hu\/wp-content\/uploads\/2026\/07\/755350855_1680149400780291_1167527694339203644_n.jpg 1714w\" sizes=\"auto, (max-width: 300px) 100vw, 300px\" \/><\/div><\/a>\n\t\t\t\t<div class=\"elementor-post__badge\">News<\/div>\n\t\t\t\t<div class=\"elementor-post__text\">\n\t\t\t\t<h3 class=\"elementor-post__title\">\n\t\t\t<a href=\"https:\/\/www.marcalvolgyevt.hu\/en\/kultura-szakma-es-tradicio-a-var-toveben-megyei-vadasznap-sumegen\/\" >\n\t\t\t\tKult\u00fara, szakma \u00e9s trad\u00edci\u00f3 a v\u00e1r t\u00f6v\u00e9ben \u2013 megyei vad\u00e1sznap S\u00fcmegen\t\t\t<\/a>\n\t\t<\/h3>\n\t\t\t\t<div class=\"elementor-post__excerpt\">\n\t\t\t<p>J\u00falius 25-\u00e9n, a XXI. \u00e9ve \u00e9letre h\u00edvott s\u00fcmegi Szent Jakab Napok \u2013 az \u00e9rett bor \u00e9s a vad\u00e1szat \u00fcnnepe rendezv\u00e9nysorozat keret\u00e9ben rendezt\u00e9k meg a Veszpr\u00e9m<\/p>\n\t\t<\/div>\n\t\t\t\t\t<div class=\"elementor-post__read-more-wrapper\">\n\t\t\n\t\t<a class=\"elementor-post__read-more\" href=\"https:\/\/www.marcalvolgyevt.hu\/en\/kultura-szakma-es-tradicio-a-var-toveben-megyei-vadasznap-sumegen\/\" >\n\t\t\tRead more \"\t\t<\/a>\n\n\t\t\t\t\t<\/div>\n\t\t\t\t<\/div>\n\t\t\t\t<div class=\"elementor-post__meta-data\">\n\t\t\t\t\t<span class=\"elementor-post-date\">\n\t\t\t2026.07.27.\t\t<\/span>\n\t\t\t\t<\/div>\n\t\t\t\t\t<\/div>\n\t\t<\/article>\n\t\t\t\t<article class=\"elementor-post elementor-grid-item post-1879 post type-post status-publish format-standard has-post-thumbnail hentry category-hirek\">\n\t\t\t<div class=\"elementor-post__card\">\n\t\t\t\t<a class=\"elementor-post__thumbnail__link\" href=\"https:\/\/www.marcalvolgyevt.hu\/en\/a-vadaszat-nem-csak-az-elejtesrol-szol\/\" ><div class=\"elementor-post__thumbnail\"><img loading=\"lazy\" decoding=\"async\" width=\"240\" height=\"300\" src=\"https:\/\/www.marcalvolgyevt.hu\/wp-content\/uploads\/2026\/06\/729058149_1041140444929651_6315474827992682511_n-240x300.jpeg\" class=\"attachment-medium size-medium wp-image-1880\" alt=\"\" srcset=\"https:\/\/www.marcalvolgyevt.hu\/wp-content\/uploads\/2026\/06\/729058149_1041140444929651_6315474827992682511_n-240x300.jpeg 240w, https:\/\/www.marcalvolgyevt.hu\/wp-content\/uploads\/2026\/06\/729058149_1041140444929651_6315474827992682511_n-819x1024.jpeg 819w, https:\/\/www.marcalvolgyevt.hu\/wp-content\/uploads\/2026\/06\/729058149_1041140444929651_6315474827992682511_n-768x960.jpeg 768w, https:\/\/www.marcalvolgyevt.hu\/wp-content\/uploads\/2026\/06\/729058149_1041140444929651_6315474827992682511_n-1229x1536.jpeg 1229w, https:\/\/www.marcalvolgyevt.hu\/wp-content\/uploads\/2026\/06\/729058149_1041140444929651_6315474827992682511_n-10x12.jpeg 10w, https:\/\/www.marcalvolgyevt.hu\/wp-content\/uploads\/2026\/06\/729058149_1041140444929651_6315474827992682511_n.jpeg 1638w\" sizes=\"auto, (max-width: 240px) 100vw, 240px\" \/><\/div><\/a>\n\t\t\t\t<div class=\"elementor-post__badge\">News<\/div>\n\t\t\t\t<div class=\"elementor-post__text\">\n\t\t\t\t<h3 class=\"elementor-post__title\">\n\t\t\t<a href=\"https:\/\/www.marcalvolgyevt.hu\/en\/a-vadaszat-nem-csak-az-elejtesrol-szol\/\" >\n\t\t\t\tA vad\u00e1szat nem csak az elejt\u00e9sr\u0151l sz\u00f3l!\t\t\t<\/a>\n\t\t<\/h3>\n\t\t\t\t<div class=\"elementor-post__excerpt\">\n\t\t\t<p>A ny\u00e1ri id\u0151szakban, k\u00fcl\u00f6n\u00f6sen h\u0151s\u00e9griad\u00f3 idej\u00e9n, a legfontosabb feladataink k\u00f6z\u00e9 tartozik a vaditat\u00f3k \u00e9s dagony\u00e1k folyamatos felt\u00f6lt\u00e9se. A Marcal-v\u00f6lgye Vad\u00e1szt\u00e1rsas\u00e1g csatlakozik a Vad\u00e1sz\u00f6sv\u00e9ny felh\u00edv\u00e1s\u00e1hoz, hiszen<\/p>\n\t\t<\/div>\n\t\t\t\t\t<div class=\"elementor-post__read-more-wrapper\">\n\t\t\n\t\t<a class=\"elementor-post__read-more\" href=\"https:\/\/www.marcalvolgyevt.hu\/en\/a-vadaszat-nem-csak-az-elejtesrol-szol\/\" >\n\t\t\tRead more \"\t\t<\/a>\n\n\t\t\t\t\t<\/div>\n\t\t\t\t<\/div>\n\t\t\t\t<div class=\"elementor-post__meta-data\">\n\t\t\t\t\t<span class=\"elementor-post-date\">\n\t\t\t2026.06.30.\t\t<\/span>\n\t\t\t\t<\/div>\n\t\t\t\t\t<\/div>\n\t\t<\/article>\n\t\t\t\t<article class=\"elementor-post elementor-grid-item post-1839 post type-post status-publish format-standard has-post-thumbnail hentry category-hirek\">\n\t\t\t<div class=\"elementor-post__card\">\n\t\t\t\t<a class=\"elementor-post__thumbnail__link\" href=\"https:\/\/www.marcalvolgyevt.hu\/en\/teritekre-kerult-a-nyeremenybak\/\" ><div class=\"elementor-post__thumbnail\"><img loading=\"lazy\" decoding=\"async\" width=\"300\" height=\"236\" src=\"https:\/\/www.marcalvolgyevt.hu\/wp-content\/uploads\/2026\/06\/727773506_1644525177676047_3266895616300838094_n-1-300x236.jpg\" class=\"attachment-medium size-medium wp-image-1845\" alt=\"\" srcset=\"https:\/\/www.marcalvolgyevt.hu\/wp-content\/uploads\/2026\/06\/727773506_1644525177676047_3266895616300838094_n-1-300x236.jpg 300w, https:\/\/www.marcalvolgyevt.hu\/wp-content\/uploads\/2026\/06\/727773506_1644525177676047_3266895616300838094_n-1-1024x805.jpg 1024w, https:\/\/www.marcalvolgyevt.hu\/wp-content\/uploads\/2026\/06\/727773506_1644525177676047_3266895616300838094_n-1-768x604.jpg 768w, https:\/\/www.marcalvolgyevt.hu\/wp-content\/uploads\/2026\/06\/727773506_1644525177676047_3266895616300838094_n-1-1536x1208.jpg 1536w, https:\/\/www.marcalvolgyevt.hu\/wp-content\/uploads\/2026\/06\/727773506_1644525177676047_3266895616300838094_n-1-15x12.jpg 15w, https:\/\/www.marcalvolgyevt.hu\/wp-content\/uploads\/2026\/06\/727773506_1644525177676047_3266895616300838094_n-1.jpg 2048w\" sizes=\"auto, (max-width: 300px) 100vw, 300px\" \/><\/div><\/a>\n\t\t\t\t<div class=\"elementor-post__badge\">News<\/div>\n\t\t\t\t<div class=\"elementor-post__text\">\n\t\t\t\t<h3 class=\"elementor-post__title\">\n\t\t\t<a href=\"https:\/\/www.marcalvolgyevt.hu\/en\/teritekre-kerult-a-nyeremenybak\/\" >\n\t\t\t\tTer\u00edt\u00e9kre ker\u00fclt a nyerem\u00e9nybak!\t\t\t<\/a>\n\t\t<\/h3>\n\t\t\t\t<div class=\"elementor-post__excerpt\">\n\t\t\t<p>A VIII. Marcal\u2013medencei d\u00favadh\u00e9t legeredm\u00e9nyesebb egy\u00e9ni r\u00e9sztvev\u0151jek\u00e9nt Reizinger Tam\u00e1s 26 elejtett d\u00favaddal j\u00e1rult hozz\u00e1 a rendezv\u00e9ny eredm\u00e9nyess\u00e9g\u00e9hez. Jutalm\u00e1ul az idei szakmai nap h\u00e1zigazd\u00e1j\u00e1t\u00f3l, a Marcal-v\u00f6lgye<\/p>\n\t\t<\/div>\n\t\t\t\t\t<div class=\"elementor-post__read-more-wrapper\">\n\t\t\n\t\t<a class=\"elementor-post__read-more\" href=\"https:\/\/www.marcalvolgyevt.hu\/en\/teritekre-kerult-a-nyeremenybak\/\" >\n\t\t\tRead more \"\t\t<\/a>\n\n\t\t\t\t\t<\/div>\n\t\t\t\t<\/div>\n\t\t\t\t<div class=\"elementor-post__meta-data\">\n\t\t\t\t\t<span class=\"elementor-post-date\">\n\t\t\t2026.06.19.\t\t<\/span>\n\t\t\t\t<\/div>\n\t\t\t\t\t<\/div>\n\t\t<\/article>\n\t\t\t\t<article class=\"elementor-post elementor-grid-item post-1815 post type-post status-publish format-standard has-post-thumbnail hentry category-programajanlo\">\n\t\t\t<div class=\"elementor-post__card\">\n\t\t\t\t<a class=\"elementor-post__thumbnail__link\" href=\"https:\/\/www.marcalvolgyevt.hu\/en\/xxi-jakab-napok-fesztival-2026-julius-24-25-sumeg\/\" ><div class=\"elementor-post__thumbnail\"><img loading=\"lazy\" decoding=\"async\" width=\"300\" height=\"125\" src=\"https:\/\/www.marcalvolgyevt.hu\/wp-content\/uploads\/2026\/06\/707079337_1324447106547474_6019234153567523165_n-300x125.png\" class=\"attachment-medium size-medium wp-image-1818\" alt=\"\" srcset=\"https:\/\/www.marcalvolgyevt.hu\/wp-content\/uploads\/2026\/06\/707079337_1324447106547474_6019234153567523165_n-300x125.png 300w, https:\/\/www.marcalvolgyevt.hu\/wp-content\/uploads\/2026\/06\/707079337_1324447106547474_6019234153567523165_n-768x320.png 768w, https:\/\/www.marcalvolgyevt.hu\/wp-content\/uploads\/2026\/06\/707079337_1324447106547474_6019234153567523165_n-18x8.png 18w, https:\/\/www.marcalvolgyevt.hu\/wp-content\/uploads\/2026\/06\/707079337_1324447106547474_6019234153567523165_n.png 960w\" sizes=\"auto, (max-width: 300px) 100vw, 300px\" \/><\/div><\/a>\n\t\t\t\t<div class=\"elementor-post__badge\">Programme guide<\/div>\n\t\t\t\t<div class=\"elementor-post__text\">\n\t\t\t\t<h3 class=\"elementor-post__title\">\n\t\t\t<a href=\"https:\/\/www.marcalvolgyevt.hu\/en\/xxi-jakab-napok-fesztival-2026-julius-24-25-sumeg\/\" >\n\t\t\t\tXXI. Jakab Napok Fesztiv\u00e1l &#8211; 2026. j\u00falius 24\u201325. S\u00fcmeg\t\t\t<\/a>\n\t\t<\/h3>\n\t\t\t\t<div class=\"elementor-post__excerpt\">\n\t\t\t<p>A bor \u00e1ltal \u00e9letre keltett\u00a0\u00e9let\u00f6r\u00f6m\u00a0\u00e9s a vad\u00e1szban megtestes\u00fcl\u0151\u00a0\u00e9leter\u0151\u00a0h\u00e1zass\u00e1g\u00e1b\u00f3l sz\u00fcletik meg a Jakab Napok \u00e9letigenl\u0151, ny\u00fczsg\u0151 hangulata, mely nemcsak a felh\u0151tlen sz\u00f3rakoz\u00e1sr\u00f3l sz\u00f3l, hanem a szakmai<\/p>\n\t\t<\/div>\n\t\t\t\t\t<div class=\"elementor-post__read-more-wrapper\">\n\t\t\n\t\t<a class=\"elementor-post__read-more\" href=\"https:\/\/www.marcalvolgyevt.hu\/en\/xxi-jakab-napok-fesztival-2026-julius-24-25-sumeg\/\" >\n\t\t\tRead more \"\t\t<\/a>\n\n\t\t\t\t\t<\/div>\n\t\t\t\t<\/div>\n\t\t\t\t<div class=\"elementor-post__meta-data\">\n\t\t\t\t\t<span class=\"elementor-post-date\">\n\t\t\t2026.06.18.\t\t<\/span>\n\t\t\t\t<\/div>\n\t\t\t\t\t<\/div>\n\t\t<\/article>\n\t\t\t\t<article class=\"elementor-post elementor-grid-item post-1869 post type-post status-publish format-standard has-post-thumbnail hentry category-hirek\">\n\t\t\t<div class=\"elementor-post__card\">\n\t\t\t\t<a class=\"elementor-post__thumbnail__link\" href=\"https:\/\/www.marcalvolgyevt.hu\/en\/alazattal-jarjunk-a-termeszetben-2\/\" ><div class=\"elementor-post__thumbnail\"><img loading=\"lazy\" decoding=\"async\" width=\"300\" height=\"200\" src=\"https:\/\/www.marcalvolgyevt.hu\/wp-content\/uploads\/2026\/06\/686231279_1601223450965876_9217229206074126740_n-300x200.jpg\" class=\"attachment-medium size-medium wp-image-1870\" alt=\"\" srcset=\"https:\/\/www.marcalvolgyevt.hu\/wp-content\/uploads\/2026\/06\/686231279_1601223450965876_9217229206074126740_n-300x200.jpg 300w, https:\/\/www.marcalvolgyevt.hu\/wp-content\/uploads\/2026\/06\/686231279_1601223450965876_9217229206074126740_n-1024x683.jpg 1024w, https:\/\/www.marcalvolgyevt.hu\/wp-content\/uploads\/2026\/06\/686231279_1601223450965876_9217229206074126740_n-768x512.jpg 768w, https:\/\/www.marcalvolgyevt.hu\/wp-content\/uploads\/2026\/06\/686231279_1601223450965876_9217229206074126740_n-18x12.jpg 18w, https:\/\/www.marcalvolgyevt.hu\/wp-content\/uploads\/2026\/06\/686231279_1601223450965876_9217229206074126740_n.jpg 1536w\" sizes=\"auto, (max-width: 300px) 100vw, 300px\" \/><\/div><\/a>\n\t\t\t\t<div class=\"elementor-post__badge\">News<\/div>\n\t\t\t\t<div class=\"elementor-post__text\">\n\t\t\t\t<h3 class=\"elementor-post__title\">\n\t\t\t<a href=\"https:\/\/www.marcalvolgyevt.hu\/en\/alazattal-jarjunk-a-termeszetben-2\/\" >\n\t\t\t\tLet us walk in nature with humility!\t\t\t<\/a>\n\t\t<\/h3>\n\t\t\t\t<div class=\"elementor-post__excerpt\">\n\t\t\t<p>Ne t\u00e9rjenek le a kijel\u00f6lt turistautakr\u00f3l, f\u00f6ldutakr\u00f3l! A s\u0171r\u0171ben megzavarhatj\u00e1k a vadat, amely menek\u00fcl\u00e9s k\u00f6zben k\u00f6zutat keresztezhet, ez pedig n\u00f6veli a k\u00f6z\u00fati balesetek kock\u00e1zat\u00e1t.Emellett ha<\/p>\n\t\t<\/div>\n\t\t\t\t\t<div class=\"elementor-post__read-more-wrapper\">\n\t\t\n\t\t<a class=\"elementor-post__read-more\" href=\"https:\/\/www.marcalvolgyevt.hu\/en\/alazattal-jarjunk-a-termeszetben-2\/\" >\n\t\t\tRead more \"\t\t<\/a>\n\n\t\t\t\t\t<\/div>\n\t\t\t\t<\/div>\n\t\t\t\t<div class=\"elementor-post__meta-data\">\n\t\t\t\t\t<span class=\"elementor-post-date\">\n\t\t\t2026.05.01.\t\t<\/span>\n\t\t\t\t<\/div>\n\t\t\t\t\t<\/div>\n\t\t<\/article>\n\t\t\t\t<article class=\"elementor-post elementor-grid-item post-1847 post type-post status-publish format-standard has-post-thumbnail hentry category-hirek\">\n\t\t\t<div class=\"elementor-post__card\">\n\t\t\t\t<a class=\"elementor-post__thumbnail__link\" href=\"https:\/\/www.marcalvolgyevt.hu\/en\/tegyunk-egyutt-a-tisztabb-kornyezetunkert\/\" ><div class=\"elementor-post__thumbnail\"><img loading=\"lazy\" decoding=\"async\" width=\"300\" height=\"139\" src=\"https:\/\/www.marcalvolgyevt.hu\/wp-content\/uploads\/2026\/06\/675934517_1590289683099597_4901951302182348445_n-300x139.jpg\" class=\"attachment-medium size-medium wp-image-1848\" alt=\"\" srcset=\"https:\/\/www.marcalvolgyevt.hu\/wp-content\/uploads\/2026\/06\/675934517_1590289683099597_4901951302182348445_n-300x139.jpg 300w, https:\/\/www.marcalvolgyevt.hu\/wp-content\/uploads\/2026\/06\/675934517_1590289683099597_4901951302182348445_n-1024x473.jpg 1024w, https:\/\/www.marcalvolgyevt.hu\/wp-content\/uploads\/2026\/06\/675934517_1590289683099597_4901951302182348445_n-768x355.jpg 768w, https:\/\/www.marcalvolgyevt.hu\/wp-content\/uploads\/2026\/06\/675934517_1590289683099597_4901951302182348445_n-1536x709.jpg 1536w, https:\/\/www.marcalvolgyevt.hu\/wp-content\/uploads\/2026\/06\/675934517_1590289683099597_4901951302182348445_n-18x8.jpg 18w, https:\/\/www.marcalvolgyevt.hu\/wp-content\/uploads\/2026\/06\/675934517_1590289683099597_4901951302182348445_n.jpg 2040w\" sizes=\"auto, (max-width: 300px) 100vw, 300px\" \/><\/div><\/a>\n\t\t\t\t<div class=\"elementor-post__badge\">News<\/div>\n\t\t\t\t<div class=\"elementor-post__text\">\n\t\t\t\t<h3 class=\"elementor-post__title\">\n\t\t\t<a href=\"https:\/\/www.marcalvolgyevt.hu\/en\/tegyunk-egyutt-a-tisztabb-kornyezetunkert\/\" >\n\t\t\t\tTegy\u00fcnk egy\u00fctt a Tiszt\u00e1bb k\u00f6rnyezet\u00fcnk\u00e9rt!\t\t\t<\/a>\n\t\t<\/h3>\n\t\t\t\t<div class=\"elementor-post__excerpt\">\n\t\t\t<p>Tegy\u00fcnk egy\u00fctt a Tiszt\u00e1bb k\u00f6rnyezet\u00fcnk\u00e9rt!! Folyamatban&#8230; Ma is bizony\u00edtottuk, hogy egy\u00fctt val\u00f3di v\u00e1ltoz\u00e1st tudunk el\u00e9rni A Marcal-v\u00f6lgye Vad\u00e1szt\u00e1rsas\u00e1g tagjai \u00e9s seg\u00edt\u0151i k\u00f6z\u00f6sen dolgoznak az\u00e9rt, hogy<\/p>\n\t\t<\/div>\n\t\t\t\t\t<div class=\"elementor-post__read-more-wrapper\">\n\t\t\n\t\t<a class=\"elementor-post__read-more\" href=\"https:\/\/www.marcalvolgyevt.hu\/en\/tegyunk-egyutt-a-tisztabb-kornyezetunkert\/\" >\n\t\t\tRead more \"\t\t<\/a>\n\n\t\t\t\t\t<\/div>\n\t\t\t\t<\/div>\n\t\t\t\t<div class=\"elementor-post__meta-data\">\n\t\t\t\t\t<span class=\"elementor-post-date\">\n\t\t\t2026.04.23.\t\t<\/span>\n\t\t\t\t<\/div>\n\t\t\t\t\t<\/div>\n\t\t<\/article>\n\t\t\t\t<\/div>\n\t\t\n\t\t\t\t<\/div>\n\t\t\t\t<\/div>\n\t\t\t\t\t<\/div>\n\t\t<\/div>\n\t\t\t\t\t\t\t<\/div>\n\t\t<\/section>\n\t\t\t\t<section class=\"elementor-section elementor-top-section elementor-element elementor-element-1fc85f7 elementor-section-boxed elementor-section-height-default elementor-section-height-default\" data-id=\"1fc85f7\" data-element_type=\"section\" data-settings=\"{&quot;background_background&quot;:&quot;classic&quot;}\">\n\t\t\t\t\t\t<div class=\"elementor-container elementor-column-gap-default\">\n\t\t\t\t\t<div class=\"elementor-column elementor-col-100 elementor-top-column elementor-element elementor-element-91a8e7c\" data-id=\"91a8e7c\" data-element_type=\"column\">\n\t\t\t<div class=\"elementor-widget-wrap elementor-element-populated\">\n\t\t\t\t\t\t\t\t<div class=\"elementor-element elementor-element-c81b2c0 elementor-widget elementor-widget-html\" data-id=\"c81b2c0\" data-element_type=\"widget\" data-widget_type=\"html.default\">\n\t\t\t\t<div class=\"elementor-widget-container\">\n\t\t\t<a class=\"weatherwidget-io\" href=\"https:\/\/forecast7.com\/hu\/47d0517d16\/hetyefo\/\" data-label_1=\"Marcal-v\u00f6lgye\" data-label_2=\"Id\u0151j\u00e1r\u00e1s\" data-font=\"Roboto Slab\" data-theme=\"pure\" >Marcal Valley Weather<\/a>\n<script>\n!function(d,s,id){var js,fjs=d.getElementsByTagName(s)[0];if(!d.getElementById(id)){js=d.createElement(s);js.id=id;js.src='https:\/\/weatherwidget.io\/js\/widget.min.js';fjs.parentNode.insertBefore(js,fjs);}}(document,'script','weatherwidget-io-js');\n<\/script>\t\t<\/div>\n\t\t\t\t<\/div>\n\t\t\t\t\t<\/div>\n\t\t<\/div>\n\t\t\t\t\t\t\t<\/div>\n\t\t<\/section>\n\t\t\t\t<section class=\"elementor-section elementor-top-section elementor-element elementor-element-c1a70dd elementor-section-boxed elementor-section-height-default elementor-section-height-default\" data-id=\"c1a70dd\" data-element_type=\"section\" data-settings=\"{&quot;background_background&quot;:&quot;classic&quot;}\">\n\t\t\t\t\t\t<div class=\"elementor-container elementor-column-gap-default\">\n\t\t\t\t\t<div class=\"elementor-column elementor-col-25 elementor-top-column elementor-element elementor-element-3e1b074\" data-id=\"3e1b074\" data-element_type=\"column\">\n\t\t\t<div class=\"elementor-widget-wrap\">\n\t\t\t\t\t\t\t\t\t<\/div>\n\t\t<\/div>\n\t\t\t\t<div class=\"elementor-column elementor-col-25 elementor-top-column elementor-element elementor-element-86bda09\" data-id=\"86bda09\" data-element_type=\"column\">\n\t\t\t<div class=\"elementor-widget-wrap elementor-element-populated\">\n\t\t\t\t\t\t\t\t<div class=\"elementor-element elementor-element-8c5159b elementor-align-center elementor-widget__width-inherit elementor-button-info elementor-widget elementor-widget-button\" data-id=\"8c5159b\" data-element_type=\"widget\" data-widget_type=\"button.default\">\n\t\t\t\t<div class=\"elementor-widget-container\">\n\t\t\t\t\t<div class=\"elementor-button-wrapper\">\n\t\t\t<a class=\"elementor-button elementor-button-link elementor-size-sm\" href=\"https:\/\/www.magyarvadasz.hu\/images\/cms\/File\/vadaszinfotar\/vadaszati-idenyek-2023.pdf\" target=\"_blank\" rel=\"nofollow\">\n\t\t\t\t\t\t<span class=\"elementor-button-content-wrapper\">\n\t\t\t\t\t\t<span class=\"elementor-button-icon elementor-align-icon-left\">\n\t\t\t\t<i aria-hidden=\"true\" class=\"far fa-calendar-alt\"><\/i>\t\t\t<\/span>\n\t\t\t\t\t\t<span class=\"elementor-button-text\">Hunting seasons<\/span>\n\t\t<\/span>\n\t\t\t\t\t<\/a>\n\t\t<\/div>\n\t\t\t\t<\/div>\n\t\t\t\t<\/div>\n\t\t\t\t\t<\/div>\n\t\t<\/div>\n\t\t\t\t<div class=\"elementor-column elementor-col-25 elementor-top-column elementor-element elementor-element-20851bc\" data-id=\"20851bc\" data-element_type=\"column\">\n\t\t\t<div class=\"elementor-widget-wrap elementor-element-populated\">\n\t\t\t\t\t\t\t\t<div class=\"elementor-element elementor-element-bdc53d5 elementor-align-center elementor-widget__width-inherit elementor-button-info elementor-widget elementor-widget-button\" data-id=\"bdc53d5\" data-element_type=\"widget\" data-widget_type=\"button.default\">\n\t\t\t\t<div class=\"elementor-widget-container\">\n\t\t\t\t\t<div class=\"elementor-button-wrapper\">\n\t\t\t<a class=\"elementor-button elementor-button-link elementor-size-sm\" href=\"https:\/\/sussfelnap.hu\/holdnaptar\/\" target=\"_blank\" rel=\"nofollow\">\n\t\t\t\t\t\t<span class=\"elementor-button-content-wrapper\">\n\t\t\t\t\t\t<span class=\"elementor-button-icon elementor-align-icon-left\">\n\t\t\t\t<i aria-hidden=\"true\" class=\"fas fa-moon\"><\/i>\t\t\t<\/span>\n\t\t\t\t\t\t<span class=\"elementor-button-text\">Lunar calendar<\/span>\n\t\t<\/span>\n\t\t\t\t\t<\/a>\n\t\t<\/div>\n\t\t\t\t<\/div>\n\t\t\t\t<\/div>\n\t\t\t\t\t<\/div>\n\t\t<\/div>\n\t\t\t\t<div class=\"elementor-column elementor-col-25 elementor-top-column elementor-element elementor-element-0c9ecf3\" data-id=\"0c9ecf3\" data-element_type=\"column\">\n\t\t\t<div class=\"elementor-widget-wrap\">\n\t\t\t\t\t\t\t\t\t<\/div>\n\t\t<\/div>\n\t\t\t\t\t\t\t<\/div>\n\t\t<\/section>\n\t\t\t\t\t\t\t<\/div>","protected":false},"excerpt":{"rendered":"<p>Introduction Our hunting company is located in the triple border area of Veszpr\u00e9m-, Vas-, Zala-county, in the Veszpr\u00e9m-county, including the boundaries of the villages of Dabronc, Zalaerd\u0151d, Hetyef\u0151, G\u00f3g\u00e1nfa and Megyer. The eastern border is the Marcal river. Almost half of the area is a coherent forest block, consisting mainly of mixed woodland (oaks, cherry trees) with a small number of different pine species, the other half of the hunting area is intensively cultivated agricultural land. Read more Marcal Valley Weather Hunting ... <a title=\"Tegy\u00fcnk egy\u00fctt a Tiszt\u00e1bb k\u00f6rnyezet\u00fcnk\u00e9rt!\" class=\"read-more\" href=\"https:\/\/www.marcalvolgyevt.hu\/en\/tegyunk-egyutt-a-tisztabb-kornyezetunkert\/\" aria-label=\"More on Tegy\u00fcnk egy\u00fctt a Tiszt\u00e1bb k\u00f6rnyezet\u00fcnk\u00e9rt!\">Read more<\/a><\/p>","protected":false},"author":1,"featured_media":0,"parent":0,"menu_order":0,"comment_status":"closed","ping_status":"closed","template":"elementor_header_footer","meta":{"footnotes":""},"class_list":["post-27","page","type-page","status-publish","hentry"],"_links":{"self":[{"href":"https:\/\/www.marcalvolgyevt.hu\/en\/wp-json\/wp\/v2\/pages\/27","targetHints":{"allow":["GET"]}}],"collection":[{"href":"https:\/\/www.marcalvolgyevt.hu\/en\/wp-json\/wp\/v2\/pages"}],"about":[{"href":"https:\/\/www.marcalvolgyevt.hu\/en\/wp-json\/wp\/v2\/types\/page"}],"author":[{"embeddable":true,"href":"https:\/\/www.marcalvolgyevt.hu\/en\/wp-json\/wp\/v2\/users\/1"}],"replies":[{"embeddable":true,"href":"https:\/\/www.marcalvolgyevt.hu\/en\/wp-json\/wp\/v2\/comments?post=27"}],"version-history":[{"count":142,"href":"https:\/\/www.marcalvolgyevt.hu\/en\/wp-json\/wp\/v2\/pages\/27\/revisions"}],"predecessor-version":[{"id":1443,"href":"https:\/\/www.marcalvolgyevt.hu\/en\/wp-json\/wp\/v2\/pages\/27\/revisions\/1443"}],"wp:attachment":[{"href":"https:\/\/www.marcalvolgyevt.hu\/en\/wp-json\/wp\/v2\/media?parent=27"}],"curies":[{"name":"wp","href":"https:\/\/api.w.org\/{rel}","templated":true}]}}